{"id":26879,"date":"2017-07-28T01:18:24","date_gmt":"2017-07-28T08:18:24","guid":{"rendered":"https:\/\/www.csipacific.ca\/?page_id=26879"},"modified":"2024-07-07T20:47:14","modified_gmt":"2024-07-08T03:47:14","slug":"dernieres-nouvelles","status":"publish","type":"page","link":"https:\/\/www.csipacific.ca\/fr\/dernieres-nouvelles\/","title":{"rendered":"Nouvelles"},"content":{"rendered":"\t\t<div data-elementor-type=\"wp-page\" data-elementor-id=\"26879\" class=\"elementor elementor-26879 elementor-9695\">\n\t\t\t\t\t\t<section class=\"elementor-section elementor-top-section elementor-element elementor-element-64ab302 elementor-section-boxed elementor-section-height-default elementor-section-height-default\" data-id=\"64ab302\" data-element_type=\"section\" data-e-type=\"section\">\n\t\t\t\t\t\t<div class=\"elementor-container elementor-column-gap-default\">\n\t\t\t\t\t<div class=\"elementor-column elementor-col-100 elementor-top-column elementor-element elementor-element-49de300c\" data-id=\"49de300c\" data-element_type=\"column\" data-e-type=\"column\">\n\t\t\t<div class=\"elementor-widget-wrap elementor-element-populated\">\n\t\t\t\t\t\t<section class=\"elementor-section elementor-inner-section elementor-element elementor-element-1757577 elementor-section-boxed elementor-section-height-default elementor-section-height-default\" data-id=\"1757577\" data-element_type=\"section\" data-e-type=\"section\">\n\t\t\t\t\t\t<div class=\"elementor-container elementor-column-gap-wider\">\n\t\t\t\t\t<div class=\"elementor-column elementor-col-50 elementor-inner-column elementor-element elementor-element-58e47a0\" data-id=\"58e47a0\" data-element_type=\"column\" data-e-type=\"column\">\n\t\t\t<div class=\"elementor-widget-wrap elementor-element-populated\">\n\t\t\t\t\t\t<div class=\"elementor-element elementor-element-36ac414 elementor-widget elementor-widget-heading\" data-id=\"36ac414\" data-element_type=\"widget\" data-e-type=\"widget\" data-widget_type=\"heading.default\">\n\t\t\t\t<div class=\"elementor-widget-container\">\n\t\t\t\t\t<h4 class=\"elementor-heading-title elementor-size-default\">Air Quality Update<\/h4>\t\t\t\t<\/div>\n\t\t\t\t<\/div>\n\t\t\t\t<div class=\"elementor-element elementor-element-90cbb81 elementor-widget elementor-widget-text-editor\" data-id=\"90cbb81\" data-element_type=\"widget\" data-e-type=\"widget\" data-widget_type=\"text-editor.default\">\n\t\t\t\t<div class=\"elementor-widget-container\">\n\t\t\t\t\t\t\t\t\t<p>Wildfire season is upon us and that means the potential for low air quality &#8211; read the following to find out more about how to deal with air quality this summer<\/p>\t\t\t\t\t\t\t\t<\/div>\n\t\t\t\t<\/div>\n\t\t\t\t\t<\/div>\n\t\t<\/div>\n\t\t\t\t<div class=\"elementor-column elementor-col-50 elementor-inner-column elementor-element elementor-element-538b413\" data-id=\"538b413\" data-element_type=\"column\" data-e-type=\"column\">\n\t\t\t<div class=\"elementor-widget-wrap elementor-element-populated\">\n\t\t\t\t\t\t<div class=\"elementor-element elementor-element-1effef0 elementor-widget elementor-widget-the7_button_widget\" data-id=\"1effef0\" data-element_type=\"widget\" data-e-type=\"widget\" data-widget_type=\"the7_button_widget.default\">\n\t\t\t\t<div class=\"elementor-widget-container\">\n\t\t\t\t\t<div class=\"elementor-button-wrapper\"><a href=\"https:\/\/www.csipacific.ca\/latest-news\/air-quality\/\" class=\"box-button elementor-button elementor-size-md\">Read more<i aria-hidden=\"true\" class=\"elementor-button-icon fas fa-arrow-circle-right\"><\/i><\/a><\/div>\t\t\t\t<\/div>\n\t\t\t\t<\/div>\n\t\t\t\t\t<\/div>\n\t\t<\/div>\n\t\t\t\t\t<\/div>\n\t\t<\/section>\n\t\t\t\t<div class=\"elementor-element elementor-element-0660e23 elementor-widget-divider--view-line_icon elementor-view-default elementor-widget-divider--element-align-center elementor-widget elementor-widget-divider\" data-id=\"0660e23\" data-element_type=\"widget\" data-e-type=\"widget\" data-widget_type=\"divider.default\">\n\t\t\t\t<div class=\"elementor-widget-container\">\n\t\t\t\t\t\t\t<div class=\"elementor-divider\">\n\t\t\t<span class=\"elementor-divider-separator\">\n\t\t\t\t\t\t\t<div class=\"elementor-icon elementor-divider__element\">\n\t\t\t\t\t<i aria-hidden=\"true\" class=\"fab fa-canadian-maple-leaf\"><\/i><\/div>\n\t\t\t\t\t\t<\/span>\n\t\t<\/div>\n\t\t\t\t\t\t<\/div>\n\t\t\t\t<\/div>\n\t\t\t\t\t<\/div>\n\t\t<\/div>\n\t\t\t\t\t<\/div>\n\t\t<\/section>\n\t\t\t\t<section class=\"elementor-section elementor-top-section elementor-element elementor-element-6b6da14 elementor-section-boxed elementor-section-height-default elementor-section-height-default\" data-id=\"6b6da14\" data-element_type=\"section\" data-e-type=\"section\">\n\t\t\t\t\t\t<div class=\"elementor-container elementor-column-gap-default\">\n\t\t\t\t\t<div class=\"elementor-column elementor-col-100 elementor-top-column elementor-element elementor-element-84f975d\" data-id=\"84f975d\" data-element_type=\"column\" data-e-type=\"column\">\n\t\t\t<div class=\"elementor-widget-wrap elementor-element-populated\">\n\t\t\t\t\t\t<div class=\"elementor-element elementor-element-305d79b elementor-widget elementor-widget-the7_elements\" data-id=\"305d79b\" data-element_type=\"widget\" data-e-type=\"widget\" data-widget_type=\"the7_elements.default\">\n\t\t\t\t<div class=\"elementor-widget-container\">\n\t\t\t\t\t<div class=\"portfolio-shortcode the7-elementor-widget the7_elements-305d79b mode-grid dt-css-grid-wrap classic-layout-list description-under-image content-bg-on enable-bg-rollover resize-by-browser-width loading-effect-none\" data-padding=\"22px\" data-mobile-columns-num=\"1\" data-tablet-columns-num=\"2\" data-desktop-columns-num=\"3\" data-wide-desktop-columns-num=\"3\" data-post-limit=\"-1\" data-pagination-mode=\"standard\" data-scroll-offset=\"\"><div class=\"dt-css-grid custom-pagination-handler\"><div class=\"visible wf-cell\" data-post-id=\"31009\" data-date=\"2026-03-26T11:05:16-07:00\" data-name=\"Le RISOPC accueille favorablement le rapport final de la Commission sur l\u2019avenir du sport au Canada et s\u2019engage \u00e0 soutenir sa mise en \u0153uvre\"><article class=\"post visible post-31009 type-post status-publish format-standard has-post-thumbnail hentry category-non-classifiee\" data-name=\"Le RISOPC accueille favorablement le rapport final de la Commission sur l\u2019avenir du sport au Canada et s\u2019engage \u00e0 soutenir sa mise en \u0153uvre\" data-date=\"2026-03-26T11:05:16-07:00\">\n\n<div class=\"post-entry-content\">\n\n\t<h4 class=\"ele-entry-title\"><a href=\"https:\/\/www.csipacific.ca\/fr\/non-classifiee\/le-risopc-accueille-favorablement-le-rapport-final-de-la-commission-sur-lavenir-du-sport-au-canada-et-sengage-a-soutenir-sa-mise-en-oeuvre\/\" rel=\"bookmark\" title=\"Le RISOPC accueille favorablement le rapport final de la Commission sur l\u2019avenir du sport au Canada et s\u2019engage \u00e0 soutenir sa mise en \u0153uvre\">Le RISOPC accueille favorablement le rapport final de la Commission sur l\u2019avenir du sport au Canada et s\u2019engage \u00e0 soutenir sa mise en \u0153uvre<\/a><\/h4><div class=\"entry-meta\"><a href=\"https:\/\/www.csipacific.ca\/fr\/2026\/03\/26\/\" title=\"11:05 am\" class=\"meta-item data-link\" rel=\"bookmark\"><time class=\"entry-date updated\" datetime=\"2026-03-26T11:05:16-07:00\">26\/03\/2026<\/time><\/a><\/div><div class=\"entry-excerpt\"><p>(26 mars 2026) &#8211; Toronto La publication du rapport final de la Commission sur l\u2019avenir du sport au Canada marque un moment important de r\u00e9flexion et de concertation pour l\u2019ensemble du syst\u00e8me sportif canadien. Pour le R\u00e9seau des instituts du sport olympique et paralympique du Canada (RISOPC), il s\u2019agit d\u2019une occasion id\u00e9ale de s\u2019appuyer sur&hellip;<\/p>\n<\/div><a href=\"https:\/\/www.csipacific.ca\/fr\/non-classifiee\/le-risopc-accueille-favorablement-le-rapport-final-de-la-commission-sur-lavenir-du-sport-au-canada-et-sengage-a-soutenir-sa-mise-en-oeuvre\/\" target=\"\" aria-label=\"En savoir plus sur Le RISOPC accueille favorablement le rapport final de la Commission sur l\u2019avenir du sport au Canada et s\u2019engage \u00e0 soutenir sa mise en \u0153uvre\" class=\"box-button elementor-button elementor-size-xs\">Read more<i aria-hidden=\"true\" class=\"elementor-button-icon fas fa-arrow-circle-right\"><\/i><\/a>\n<\/div><\/article><\/div><div class=\"visible wf-cell\" data-post-id=\"30970\" data-date=\"2026-03-16T09:33:48-07:00\" data-name=\"Les paralympiens de la Colombie-Britannique brillent aux Jeux paralympiques de Milano Cortina 2026\"><article class=\"post visible post-30970 type-post status-publish format-standard has-post-thumbnail hentry category-non-classifiee\" data-name=\"Les paralympiens de la Colombie-Britannique brillent aux Jeux paralympiques de Milano Cortina 2026\" data-date=\"2026-03-16T09:33:48-07:00\">\n\n<div class=\"post-entry-content\">\n\n\t<h4 class=\"ele-entry-title\"><a href=\"https:\/\/www.csipacific.ca\/fr\/non-classifiee\/les-paralympiens-de-la-colombie-britannique-brillent-aux-jeux-paralympiques-de-milano-cortina-2026\/\" rel=\"bookmark\" title=\"Les paralympiens de la Colombie-Britannique brillent aux Jeux paralympiques de Milano Cortina 2026\">Les paralympiens de la Colombie-Britannique brillent aux Jeux paralympiques de Milano Cortina 2026<\/a><\/h4><div class=\"entry-meta\"><a href=\"https:\/\/www.csipacific.ca\/fr\/2026\/03\/16\/\" title=\"9:33 am\" class=\"meta-item data-link\" rel=\"bookmark\"><time class=\"entry-date updated\" datetime=\"2026-03-16T09:33:48-07:00\">16\/03\/2026<\/time><\/a><\/div><div class=\"entry-excerpt\"><p>(Victoria, C.-B., 16 mars 202)6 Sur le spectaculaire d\u00e9cor des montagnes des Dolomites en Italie, \u00c9quipe Canada a une fois de plus livr\u00e9 une performance remarquable aux Jeux paralympiques d\u2019hiver de Milano Cortina 2026, d\u00e9montrant d\u00e9termination, r\u00e9silience et excellence sportive au cours des onze jours de comp\u00e9tition. Les athl\u00e8tes ayant un lien avec la Colombie-Britannique&hellip;<\/p>\n<\/div><a href=\"https:\/\/www.csipacific.ca\/fr\/non-classifiee\/les-paralympiens-de-la-colombie-britannique-brillent-aux-jeux-paralympiques-de-milano-cortina-2026\/\" target=\"\" aria-label=\"En savoir plus sur Les paralympiens de la Colombie-Britannique brillent aux Jeux paralympiques de Milano Cortina 2026\" class=\"box-button elementor-button elementor-size-xs\">Read more<i aria-hidden=\"true\" class=\"elementor-button-icon fas fa-arrow-circle-right\"><\/i><\/a>\n<\/div><\/article><\/div><div class=\"visible wf-cell\" data-post-id=\"30937\" data-date=\"2026-03-05T09:13:21-08:00\" data-name=\"Les guerriers hivernaux de la C.-B. pr\u00eats \u00e0 relever le d\u00e9fi des Jeux paralympiques de Milano Cortina 2026\"><article class=\"post visible post-30937 type-post status-publish format-standard has-post-thumbnail hentry category-non-classifiee\" data-name=\"Les guerriers hivernaux de la C.-B. pr\u00eats \u00e0 relever le d\u00e9fi des Jeux paralympiques de Milano Cortina 2026\" data-date=\"2026-03-05T09:13:21-08:00\">\n\n<div class=\"post-entry-content\">\n\n\t<h4 class=\"ele-entry-title\"><a href=\"https:\/\/www.csipacific.ca\/fr\/non-classifiee\/les-guerriers-hivernaux-de-la-c-b-prets-a-relever-le-defi-des-jeux-paralympiques-de-milano-cortina-2026\/\" rel=\"bookmark\" title=\"Les guerriers hivernaux de la C.-B. pr\u00eats \u00e0 relever le d\u00e9fi des Jeux paralympiques de Milano Cortina 2026\">Les guerriers hivernaux de la C.-B. pr\u00eats \u00e0 relever le d\u00e9fi des Jeux paralympiques de Milano Cortina 2026<\/a><\/h4><div class=\"entry-meta\"><a href=\"https:\/\/www.csipacific.ca\/fr\/2026\/03\/05\/\" title=\"9:13 am\" class=\"meta-item data-link\" rel=\"bookmark\"><time class=\"entry-date updated\" datetime=\"2026-03-05T09:13:21-08:00\">05\/03\/2026<\/time><\/a><\/div><div class=\"entry-excerpt\"><p>(5 mars 2026 \u2013 Victoria, C.-B.) Alors que le monde tourne son regard vers les Jeux paralympiques d\u2019hiver de Milano Cortina 2026, les para-athl\u00e8tes canadiens se pr\u00e9parent \u00e0 comp\u00e9titionner sur la sc\u00e8ne internationale. Les 50 athl\u00e8tes d\u2019\u00c9quipe Canada apporteront en Italie passion, r\u00e9silience et performances de calibre mondial, pr\u00eats \u00e0 capter l\u2019attention du monde entier.&hellip;<\/p>\n<\/div><a href=\"https:\/\/www.csipacific.ca\/fr\/non-classifiee\/les-guerriers-hivernaux-de-la-c-b-prets-a-relever-le-defi-des-jeux-paralympiques-de-milano-cortina-2026\/\" target=\"\" aria-label=\"En savoir plus sur Les guerriers hivernaux de la C.-B. pr\u00eats \u00e0 relever le d\u00e9fi des Jeux paralympiques de Milano Cortina 2026\" class=\"box-button elementor-button elementor-size-xs\">Read more<i aria-hidden=\"true\" class=\"elementor-button-icon fas fa-arrow-circle-right\"><\/i><\/a>\n<\/div><\/article><\/div><div class=\"visible wf-cell\" data-post-id=\"30918\" data-date=\"2026-03-04T09:29:00-08:00\" data-name=\"Le RISOPC contribue \u00e0 propulser la performance paralympique de l&#039;\u00e9quipe canadienne \u00e0 Milan-Cortina 2026\"><article class=\"post visible post-30918 type-post status-publish format-standard has-post-thumbnail hentry category-non-classifiee\" data-name=\"Le RISOPC contribue \u00e0 propulser la performance paralympique de l&rsquo;\u00e9quipe canadienne \u00e0 Milan-Cortina 2026\" data-date=\"2026-03-04T09:29:00-08:00\">\n\n<div class=\"post-entry-content\">\n\n\t<h4 class=\"ele-entry-title\"><a href=\"https:\/\/www.csipacific.ca\/fr\/non-classifiee\/le-risopc-contribue-a-propulser-la-performance-paralympique-de-lequipe-canadienne-a-milan-cortina-2026\/\" rel=\"bookmark\" title=\"Le RISOPC contribue \u00e0 propulser la performance paralympique de l&rsquo;\u00e9quipe canadienne \u00e0 Milan-Cortina 2026\">Le RISOPC contribue \u00e0 propulser la performance paralympique de l&rsquo;\u00e9quipe canadienne \u00e0 Milan-Cortina 2026<\/a><\/h4><div class=\"entry-meta\"><a href=\"https:\/\/www.csipacific.ca\/fr\/2026\/03\/04\/\" title=\"9:29 am\" class=\"meta-item data-link\" rel=\"bookmark\"><time class=\"entry-date updated\" datetime=\"2026-03-04T09:29:00-08:00\">04\/03\/2026<\/time><\/a><\/div><div class=\"entry-excerpt\"><p>(4 mars 2026) \u00c0 l&rsquo;approche des Jeux paralympiques d&rsquo;hiver de Milan-Cortina 2026, le R\u00e9seau des instituts du sport olympique et paralympique du Canada (RISOPC) r\u00e9affirme son engagement ind\u00e9fectible envers les athl\u00e8tes de l&rsquo;\u00e9quipe canadienne. En partenariat avec les organismes nationaux de sport (ONS), le R\u00e9seau soutient un grand nombre d&rsquo;athl\u00e8tes paralympiques de l&rsquo;\u00e9quipe canadienne, jouant&hellip;<\/p>\n<\/div><a href=\"https:\/\/www.csipacific.ca\/fr\/non-classifiee\/le-risopc-contribue-a-propulser-la-performance-paralympique-de-lequipe-canadienne-a-milan-cortina-2026\/\" target=\"\" aria-label=\"En savoir plus sur Le RISOPC contribue \u00e0 propulser la performance paralympique de l&rsquo;\u00e9quipe canadienne \u00e0 Milan-Cortina 2026\" class=\"box-button elementor-button elementor-size-xs\">Read more<i aria-hidden=\"true\" class=\"elementor-button-icon fas fa-arrow-circle-right\"><\/i><\/a>\n<\/div><\/article><\/div><div class=\"visible wf-cell\" data-post-id=\"30864\" data-date=\"2026-02-23T06:51:21-08:00\" data-name=\"Les athl\u00e8tes de la C.-B. brillent sur la sc\u00e8ne mondiale \u00e0 Milano Cortina 2026\"><article class=\"post visible post-30864 type-post status-publish format-standard has-post-thumbnail hentry category-non-classifiee\" data-name=\"Les athl\u00e8tes de la C.-B. brillent sur la sc\u00e8ne mondiale \u00e0 Milano Cortina 2026\" data-date=\"2026-02-23T06:51:21-08:00\">\n\n<div class=\"post-entry-content\">\n\n\t<h4 class=\"ele-entry-title\"><a href=\"https:\/\/www.csipacific.ca\/fr\/non-classifiee\/les-athletes-de-la-c-b-brillent-sur-la-scene-mondiale-a-milano-cortina-2026\/\" rel=\"bookmark\" title=\"Les athl\u00e8tes de la C.-B. brillent sur la sc\u00e8ne mondiale \u00e0 Milano Cortina 2026\">Les athl\u00e8tes de la C.-B. brillent sur la sc\u00e8ne mondiale \u00e0 Milano Cortina 2026<\/a><\/h4><div class=\"entry-meta\"><a href=\"https:\/\/www.csipacific.ca\/fr\/2026\/02\/23\/\" title=\"6:51 am\" class=\"meta-item data-link\" rel=\"bookmark\"><time class=\"entry-date updated\" datetime=\"2026-02-23T06:51:21-08:00\">23\/02\/2026<\/time><\/a><\/div><div class=\"entry-excerpt\"><p>(Victoria, C.-B. \u2013 23 f\u00e9vrier 2026) Ces Jeux resteront inoubliables pour \u00c9quipe Canada \u00e0 Milano Cortina 2026. Les athl\u00e8tes canadiens ont offert des performances de calibre mondial partout dans le nord de l\u2019Italie, captivant les amateurs au pays comme \u00e0 l\u2019international. Des performances au sommet du podium aux records personnels et perc\u00e9es marquantes, \u00c9quipe Canada&hellip;<\/p>\n<\/div><a href=\"https:\/\/www.csipacific.ca\/fr\/non-classifiee\/les-athletes-de-la-c-b-brillent-sur-la-scene-mondiale-a-milano-cortina-2026\/\" target=\"\" aria-label=\"En savoir plus sur Les athl\u00e8tes de la C.-B. brillent sur la sc\u00e8ne mondiale \u00e0 Milano Cortina 2026\" class=\"box-button elementor-button elementor-size-xs\">Read more<i aria-hidden=\"true\" class=\"elementor-button-icon fas fa-arrow-circle-right\"><\/i><\/a>\n<\/div><\/article><\/div><div class=\"visible wf-cell\" data-post-id=\"30827\" data-date=\"2026-02-05T09:03:58-08:00\" data-name=\"Des montagnes de la Colombie-Britannique aux Alpes italiennes, les athl\u00e8tes de la C.-B. sont pr\u00eats \u00e0 briller \u00e0 Milano Cortina 2026\"><article class=\"post visible post-30827 type-post status-publish format-standard has-post-thumbnail hentry category-non-classifiee\" data-name=\"Des montagnes de la Colombie-Britannique aux Alpes italiennes, les athl\u00e8tes de la C.-B. sont pr\u00eats \u00e0 briller \u00e0 Milano Cortina 2026\" data-date=\"2026-02-05T09:03:58-08:00\">\n\n<div class=\"post-entry-content\">\n\n\t<h4 class=\"ele-entry-title\"><a href=\"https:\/\/www.csipacific.ca\/fr\/non-classifiee\/des-montagnes-de-la-colombie-britannique-aux-alpes-italiennes-les-athletes-de-la-c-b-sont-prets-a-briller-a-milano-cortina-2026\/\" rel=\"bookmark\" title=\"Des montagnes de la Colombie-Britannique aux Alpes italiennes, les athl\u00e8tes de la C.-B. sont pr\u00eats \u00e0 briller \u00e0 Milano Cortina 2026\">Des montagnes de la Colombie-Britannique aux Alpes italiennes, les athl\u00e8tes de la C.-B. sont pr\u00eats \u00e0 briller \u00e0 Milano Cortina 2026<\/a><\/h4><div class=\"entry-meta\"><a href=\"https:\/\/www.csipacific.ca\/fr\/2026\/02\/05\/\" title=\"9:03 am\" class=\"meta-item data-link\" rel=\"bookmark\"><time class=\"entry-date updated\" datetime=\"2026-02-05T09:03:58-08:00\">05\/02\/2026<\/time><\/a><\/div><div class=\"entry-excerpt\"><p>(Victoria, C.-B. \u2013 5 f\u00e9vrier 2026) Les Jeux olympiques de Milano Cortina sont arriv\u00e9s, et \u00c9quipe Canada est pr\u00eate \u00e0 monter sur sc\u00e8ne en Italie. Des rues de Milan aux pentes des Dolomites, l\u2019effervescence est \u00e0 son comble alors que les athl\u00e8tes se pr\u00e9parent \u00e0 concourir devant des sites bond\u00e9s, des partisans passionn\u00e9s et leurs&hellip;<\/p>\n<\/div><a href=\"https:\/\/www.csipacific.ca\/fr\/non-classifiee\/des-montagnes-de-la-colombie-britannique-aux-alpes-italiennes-les-athletes-de-la-c-b-sont-prets-a-briller-a-milano-cortina-2026\/\" target=\"\" aria-label=\"En savoir plus sur Des montagnes de la Colombie-Britannique aux Alpes italiennes, les athl\u00e8tes de la C.-B. sont pr\u00eats \u00e0 briller \u00e0 Milano Cortina 2026\" class=\"box-button elementor-button elementor-size-xs\">Read more<i aria-hidden=\"true\" class=\"elementor-button-icon fas fa-arrow-circle-right\"><\/i><\/a>\n<\/div><\/article><\/div><div class=\"visible wf-cell\" data-post-id=\"30803\" data-date=\"2026-01-26T12:55:37-08:00\" data-name=\"Le R\u00e9seau derri\u00e8re la Nation : le RISOPC aux Jeux olympiques de Milan-Cortina 2026\"><article class=\"post visible post-30803 type-post status-publish format-standard has-post-thumbnail hentry category-non-classifiee\" data-name=\"Le R\u00e9seau derri\u00e8re la Nation : le RISOPC aux Jeux olympiques de Milan-Cortina 2026\" data-date=\"2026-01-26T12:55:37-08:00\">\n\n<div class=\"post-entry-content\">\n\n\t<h4 class=\"ele-entry-title\"><a href=\"https:\/\/www.csipacific.ca\/fr\/non-classifiee\/le-reseau-derriere-la-nation-le-risopc-aux-jeux-olympiques-de-milan-cortina-2026\/\" rel=\"bookmark\" title=\"Le R\u00e9seau derri\u00e8re la Nation : le RISOPC aux Jeux olympiques de Milan-Cortina 2026\">Le R\u00e9seau derri\u00e8re la Nation : le RISOPC aux Jeux olympiques de Milan-Cortina 2026<\/a><\/h4><div class=\"entry-meta\"><a href=\"https:\/\/www.csipacific.ca\/fr\/2026\/01\/26\/\" title=\"12:55 pm\" class=\"meta-item data-link\" rel=\"bookmark\"><time class=\"entry-date updated\" datetime=\"2026-01-26T12:55:37-08:00\">26\/01\/2026<\/time><\/a><\/div><div class=\"entry-excerpt\"><p>(Victoria, Colombie-Britannique \u2013 4 f\u00e9vrier 2026) Partenaire cl\u00e9 de l&rsquo;\u00e9quipe canadienne, le R\u00e9seau des instituts du sport olympique et paralympique du Canada (RISOPC) joue un r\u00f4le essentiel dans le soutien aux athl\u00e8tes canadiens qui participeront aux Jeux de Milan-Cortina 2026. Gr\u00e2ce \u00e0 son r\u00e9seau de cinq instituts et de deux centres couvrant toutes les r\u00e9gions&hellip;<\/p>\n<\/div><a href=\"https:\/\/www.csipacific.ca\/fr\/non-classifiee\/le-reseau-derriere-la-nation-le-risopc-aux-jeux-olympiques-de-milan-cortina-2026\/\" target=\"\" aria-label=\"En savoir plus sur Le R\u00e9seau derri\u00e8re la Nation : le RISOPC aux Jeux olympiques de Milan-Cortina 2026\" class=\"box-button elementor-button elementor-size-xs\">Read more<i aria-hidden=\"true\" class=\"elementor-button-icon fas fa-arrow-circle-right\"><\/i><\/a>\n<\/div><\/article><\/div><div class=\"visible wf-cell\" data-post-id=\"29937\" data-date=\"2025-09-02T13:24:32-07:00\" data-name=\"D\u00e9claration du R\u00e9seau des instituts du sport olympique et paralympique du Canada \u00e0 propos du rapport pr\u00e9liminaire de la Commission sur l\u2019avenir du sport au Canada\"><article class=\"post visible no-img post-29937 type-post status-publish format-standard hentry category-non-classifiee\" data-name=\"D\u00e9claration du R\u00e9seau des instituts du sport olympique et paralympique du Canada \u00e0 propos du rapport pr\u00e9liminaire de la Commission sur l\u2019avenir du sport au Canada\" data-date=\"2025-09-02T13:24:32-07:00\">\n\n<div class=\"post-entry-content\">\n\n\t<h4 class=\"ele-entry-title\"><a href=\"https:\/\/www.csipacific.ca\/fr\/non-classifiee\/declaration-du-reseau-des-instituts-du-sport-olympique-et-paralympique-du-canada-a-propos-du-rapport-preliminaire-de-la-commission-sur-lavenir-du-sport-au-canada\/\" rel=\"bookmark\" title=\"D\u00e9claration du R\u00e9seau des instituts du sport olympique et paralympique du Canada \u00e0 propos du rapport pr\u00e9liminaire de la Commission sur l\u2019avenir du sport au Canada\">D\u00e9claration du R\u00e9seau des instituts du sport olympique et paralympique du Canada \u00e0 propos du rapport pr\u00e9liminaire de la Commission sur l\u2019avenir du sport au Canada<\/a><\/h4><div class=\"entry-meta\"><a href=\"https:\/\/www.csipacific.ca\/fr\/2025\/09\/02\/\" title=\"1:24 pm\" class=\"meta-item data-link\" rel=\"bookmark\"><time class=\"entry-date updated\" datetime=\"2025-09-02T13:24:32-07:00\">02\/09\/2025<\/time><\/a><\/div><div class=\"entry-excerpt\"><p>TORONTO (2\u00a0septembre\u00a02025)\u00a0\u2013 Le R\u00e9seau des instituts du sport olympique et paralympique du Canada (RISOPC) applaudit la Commission sur l\u2019avenir du sport au Canada pour son rapport pr\u00e9liminaire et ses recommandations. Le rapport met l\u2019accent sur la cr\u00e9ation d\u2019un syst\u00e8me sportif robuste, s\u00e9curitaire, inclusif et ax\u00e9 sur les athl\u00e8tes, un syst\u00e8me que le RISOPC soutient compl\u00e8tement.&hellip;<\/p>\n<\/div><a href=\"https:\/\/www.csipacific.ca\/fr\/non-classifiee\/declaration-du-reseau-des-instituts-du-sport-olympique-et-paralympique-du-canada-a-propos-du-rapport-preliminaire-de-la-commission-sur-lavenir-du-sport-au-canada\/\" target=\"\" aria-label=\"En savoir plus sur D\u00e9claration du R\u00e9seau des instituts du sport olympique et paralympique du Canada \u00e0 propos du rapport pr\u00e9liminaire de la Commission sur l\u2019avenir du sport au Canada\" class=\"box-button elementor-button elementor-size-xs\">Read more<i aria-hidden=\"true\" class=\"elementor-button-icon fas fa-arrow-circle-right\"><\/i><\/a>\n<\/div><\/article><\/div><div class=\"visible wf-cell\" data-post-id=\"27966\" data-date=\"2024-09-09T10:07:27-07:00\" data-name=\"Les paralympiens de la C.-B. brillent dans la Ville Lumi\u00e8re aux Jeux paralympiques de Paris 2024\"><article class=\"post visible post-27966 type-post status-publish format-standard has-post-thumbnail hentry category-uncategorized\" data-name=\"Les paralympiens de la C.-B. brillent dans la Ville Lumi\u00e8re aux Jeux paralympiques de Paris 2024\" data-date=\"2024-09-09T10:07:27-07:00\">\n\n<div class=\"post-entry-content\">\n\n\t<h4 class=\"ele-entry-title\"><a href=\"https:\/\/www.csipacific.ca\/fr\/non-classifiee\/les-paralympiens-de-la-c-b-brillent-dans-la-ville-lumiere-aux-jeux-paralympiques-de-paris-2024\/\" rel=\"bookmark\" title=\"Les paralympiens de la C.-B. brillent dans la Ville Lumi\u00e8re aux Jeux paralympiques de Paris 2024\">Les paralympiens de la C.-B. brillent dans la Ville Lumi\u00e8re aux Jeux paralympiques de Paris 2024<\/a><\/h4><div class=\"entry-meta\"><a href=\"https:\/\/www.csipacific.ca\/fr\/2024\/09\/09\/\" title=\"10:07 am\" class=\"meta-item data-link\" rel=\"bookmark\"><time class=\"entry-date updated\" datetime=\"2024-09-09T10:07:27-07:00\">09\/09\/2024<\/time><\/a><\/div><div class=\"entry-excerpt\"><p>(Victoria, C.-B. \u2013 9 septembre 2024) L\u2019\u00e9quipe du Canada a conclu une autre \u00e9dition r\u00e9ussie des Jeux paralympiques, mettant en avant des performances exceptionnelles au cours de onze jours d&rsquo;action \u00e0 Paris. Sur les 126 athl\u00e8tes de l\u2019\u00e9quipe du Canada, 39 (soit 31 %) avaient des liens avec la Colombie-Britannique et ces athl\u00e8tes ont contribu\u00e9&hellip;<\/p>\n<\/div><a href=\"https:\/\/www.csipacific.ca\/fr\/non-classifiee\/les-paralympiens-de-la-c-b-brillent-dans-la-ville-lumiere-aux-jeux-paralympiques-de-paris-2024\/\" target=\"\" aria-label=\"En savoir plus sur Les paralympiens de la C.-B. brillent dans la Ville Lumi\u00e8re aux Jeux paralympiques de Paris 2024\" class=\"box-button elementor-button elementor-size-xs\">Read more<i aria-hidden=\"true\" class=\"elementor-button-icon fas fa-arrow-circle-right\"><\/i><\/a>\n<\/div><\/article><\/div><\/div><!-- iso-container|iso-grid --><div class=\"paginator filter-decorations filter-pointer-underline filter-animation-fade\" role=\"navigation\"><a href=\"https:\/\/www.csipacific.ca\/fr\/wp-json\/wp\/v2\/pages\/26879\/\" class=\"page-numbers filter-item act\" data-page-num=\"1\">1<\/a><a href=\"https:\/\/www.csipacific.ca\/fr\/wp-json\/wp\/v2\/pages\/26879\/page\/2\/\" class=\"page-numbers filter-item \" data-page-num=\"2\">2<\/a><a href=\"https:\/\/www.csipacific.ca\/fr\/wp-json\/wp\/v2\/pages\/26879\/page\/2\/\" class=\"page-numbers nav-next filter-item\" data-page-num=\"2\" >\u2192<\/a><\/div><\/div>\t\t\t\t<\/div>\n\t\t\t\t<\/div>\n\t\t\t\t\t<\/div>\n\t\t<\/div>\n\t\t\t\t\t<\/div>\n\t\t<\/section>\n\t\t\t\t<\/div>\n\t\t","protected":false},"excerpt":{"rendered":"<p>(Victoria, C.-B. \u2013 9 septembre 2024) L\u2019\u00e9quipe du Canada a conclu une autre \u00e9dition r\u00e9ussie des Jeux paralympiques, mettant en avant des performances exceptionnelles au cours de onze jours d&rsquo;action \u00e0 Paris. Sur les 126 athl\u00e8tes de l\u2019\u00e9quipe du Canada, 39 (soit 31 %) avaient des liens avec la Colombie-Britannique et ces athl\u00e8tes ont contribu\u00e9&hellip;<\/p>\n","protected":false},"author":2,"featured_media":0,"parent":0,"menu_order":0,"comment_status":"closed","ping_status":"closed","template":"","meta":{"give_campaign_id":0,"footnotes":""},"class_list":["post-26879","page","type-page","status-publish","hentry"],"campaignId":"","_links":{"self":[{"href":"https:\/\/www.csipacific.ca\/fr\/wp-json\/wp\/v2\/pages\/26879","targetHints":{"allow":["GET"]}}],"collection":[{"href":"https:\/\/www.csipacific.ca\/fr\/wp-json\/wp\/v2\/pages"}],"about":[{"href":"https:\/\/www.csipacific.ca\/fr\/wp-json\/wp\/v2\/types\/page"}],"author":[{"embeddable":true,"href":"https:\/\/www.csipacific.ca\/fr\/wp-json\/wp\/v2\/users\/2"}],"replies":[{"embeddable":true,"href":"https:\/\/www.csipacific.ca\/fr\/wp-json\/wp\/v2\/comments?post=26879"}],"version-history":[{"count":2,"href":"https:\/\/www.csipacific.ca\/fr\/wp-json\/wp\/v2\/pages\/26879\/revisions"}],"predecessor-version":[{"id":26881,"href":"https:\/\/www.csipacific.ca\/fr\/wp-json\/wp\/v2\/pages\/26879\/revisions\/26881"}],"wp:attachment":[{"href":"https:\/\/www.csipacific.ca\/fr\/wp-json\/wp\/v2\/media?parent=26879"}],"curies":[{"name":"wp","href":"https:\/\/api.w.org\/{rel}","templated":true}]}}